{"id":437,"date":"2023-04-16T17:42:55","date_gmt":"2023-04-16T15:42:55","guid":{"rendered":"http:\/\/viecc.at\/?page_id=437"},"modified":"2023-08-31T19:30:46","modified_gmt":"2023-08-31T17:30:46","slug":"tobias-zimmermann","status":"publish","type":"page","link":"http:\/\/viecc.at\/zh\/ueber-uns\/tobias-zimmermann\/","title":{"rendered":"\u56fe\u6bd4\u4e9a\u65af\u2022\u79e6\u95e8\u5c14\u66fc"},"content":{"rendered":"<div data-elementor-type=\"wp-page\" data-elementor-id=\"437\" class=\"elementor elementor-437\">\n\t\t\t\t\t\t<section class=\"elementor-section elementor-top-section elementor-element elementor-element-3fa3331c elementor-section-boxed elementor-section-height-default elementor-section-height-default\" data-id=\"3fa3331c\" data-element_type=\"section\" data-e-type=\"section\" data-settings=\"{&quot;background_background&quot;:&quot;classic&quot;}\">\n\t\t\t\t\t\t\t<div class=\"elementor-background-overlay\"><\/div>\n\t\t\t\t\t\t\t<div class=\"elementor-container elementor-column-gap-no\">\n\t\t\t\t\t<div class=\"elementor-column elementor-col-100 elementor-top-column elementor-element elementor-element-46769bf1\" data-id=\"46769bf1\" data-element_type=\"column\" data-e-type=\"column\">\n\t\t\t<div class=\"elementor-widget-wrap elementor-element-populated\">\n\t\t\t\t\t\t<div class=\"elementor-element elementor-element-67bbfcff elementor-widget elementor-widget-heading\" data-id=\"67bbfcff\" data-element_type=\"widget\" data-e-type=\"widget\" data-widget_type=\"heading.default\">\n\t\t\t\t<div class=\"elementor-widget-container\">\n\t\t\t\t\t<h3 class=\"elementor-heading-title elementor-size-default\">\u5173\u4e8e\u6211\u4eec<\/h3>\t\t\t\t<\/div>\n\t\t\t\t<\/div>\n\t\t\t\t<div class=\"elementor-element elementor-element-6a229266 elementor-widget elementor-widget-heading\" data-id=\"6a229266\" data-element_type=\"widget\" data-e-type=\"widget\" data-widget_type=\"heading.default\">\n\t\t\t\t<div class=\"elementor-widget-container\">\n\t\t\t\t\t<h2 class=\"elementor-heading-title elementor-size-default\">\u56fe\u6bd4\u4e9a\u65af\u2022\u79e6\u95e8\u5c14\u66fc<\/h2>\t\t\t\t<\/div>\n\t\t\t\t<\/div>\n\t\t\t\t<div class=\"elementor-element elementor-element-9bfb273 elementor-widget elementor-widget-image\" data-id=\"9bfb273\" data-element_type=\"widget\" data-e-type=\"widget\" data-widget_type=\"image.default\">\n\t\t\t\t<div class=\"elementor-widget-container\">\n\t\t\t\t\t\t\t\t\t\t\t\t\t\t\t<img fetchpriority=\"high\" decoding=\"async\" width=\"768\" height=\"512\" src=\"http:\/\/viecc.at\/wp-content\/uploads\/2023\/08\/DSC_5152-768x512.jpg\" class=\"attachment-medium_large size-medium_large wp-image-596\" alt=\"\" srcset=\"http:\/\/viecc.at\/wp-content\/uploads\/2023\/08\/DSC_5152-768x512.jpg 768w, http:\/\/viecc.at\/wp-content\/uploads\/2023\/08\/DSC_5152-300x200.jpg 300w, http:\/\/viecc.at\/wp-content\/uploads\/2023\/08\/DSC_5152-1024x683.jpg 1024w, http:\/\/viecc.at\/wp-content\/uploads\/2023\/08\/DSC_5152-1536x1024.jpg 1536w, http:\/\/viecc.at\/wp-content\/uploads\/2023\/08\/DSC_5152-2048x1365.jpg 2048w, http:\/\/viecc.at\/wp-content\/uploads\/2023\/08\/DSC_5152-18x12.jpg 18w\" sizes=\"(max-width: 768px) 100vw, 768px\" \/>\t\t\t\t\t\t\t\t\t\t\t\t\t\t\t<\/div>\n\t\t\t\t<\/div>\n\t\t\t\t<div class=\"elementor-element elementor-element-736e15e7 elementor-widget elementor-widget-text-editor\" data-id=\"736e15e7\" data-element_type=\"widget\" data-e-type=\"widget\" data-widget_type=\"text-editor.default\">\n\t\t\t\t<div class=\"elementor-widget-container\">\n\t\t\t\t\t\t\t\t\t<p align=\"justify\">Tobias Zimmermann\uff0c\u4e2d\u6587\u540d\u56fe\u6bd4\u4e9a\u65af\u2022\u79e6\u95e8\u5c14\u66fc\uff0c \u51fa\u2f63\u4e8e\u5fb7\u56fd\u79d1\u9686\uff0c\u2f832003\u5e74\u8d77\u5728\u5fb7\u56fd\u5404\u5730\u7684\u6559\u5802\u6f14\u594f\u7ba1\u98ce\u7434\u4e0e\u94a2\u7434\uff0c2007\u5e74\u8363\u83b7\u79d1\u9686\u5e02\u94a2\u7434\u7235\u2f20\u5373\u5174\u6f14\u594f\u2f50\u8d5b\u2f00\u7b49\u5956\u30022011\u5e74\u7559\u5b66\u4e8e\u2fb3\u4e50\u4e4b\u90fd\u5965\u5730\u5229\u7ef4\u4e5f\u7eb3\uff0c\u5c31\u8bfb\u2fb3\u54cd\u5bfc\u6f14\u548c\u94a2\u7434\u2fb3\u4e50\u6559\u80b2\u53cc\u4e13\u4e1a\u30022011\u548c2012\u5e74\u671f\u95f4\uff0c\u8363\u83b7\u4e86\u5168\u6b27\u76df\u8ba4\u8bc1\u7684\u7ba1\u98ce\u7434\u6f14\u594f\uff0c\u94a2\u7434\u5373\u5174\u4f34\u594f\u4e0e\u5408\u5531\u6307\u6325\u7684\u827a\u672f\u5bb6\u8bc1\u4e66\u3002<\/p>\n\n<p align=\"justify\">2016\u5e74\u2fb8\u6b21\u4ee5\u94a2\u7434\u6f14\u594f\u5bb6\u2f9d\u4efd\u8bbf\u534e\uff0c\u53c2\u52a0\u56db\u5ddd\u7701\u56fd\u9645\u2f42\u5316\u4ea4\u6d41\u2fb3\u4e50\u4f1a\uff0c\u2f83\u6b64\u4e0e\u4e2d\u56fd\u2f42\u5316\u548c\u827a\u672f\u7ed3\u7f18\u30022019\u5e74\u6bd5\u4e1a\u4e8e\u7ef4\u4e5f\u7eb3\u56fd\u2f74\u2fb3\u4e50\u4e0e\u8868\u6f14\u827a\u672f\u2f24\u5b66\uff0c\u8363\u83b7\u2fb3\u54cd\u5bfc\u6f14\u548c\u94a2\u7434\u2fb3\u4e50\u6559\u80b2\u53cc\u7855\u2f20\u5b66\u4f4d\u3002<\/p>\n\n<p align=\"justify\">\u2f832019\u5e74\u8d77\u4ece\u4e8b\u2fb3\u4e50\u6559\u80b2\u4e8b\u4e1a\uff0c\u6d89\u730e\u94a2\u7434\u53e4\u5178\u548c\u7235\u2f20\u7684\u53cc\u2f45\u5411\u6559\u5b66\uff0c\u4efb\u6559\u4e8e\u7ef4\u4e5f\u7eb3\u5e02\u2f74\u2fb3\u4e50\u5b66\u6821\u7684\u94a2\u7434\u7cfb\uff0c\u4f34\u594f\u7cfb\u548c\u7ef4\u4e5f\u7eb3\u5e02\u2f74POLGAR\u2fb3\u4e50\u5b66\u6821\uff0c\u540c\u671f\uff0c\u8fd8\u517c\u4efb\u7ef4\u4e5f\u7eb321\u533a\u6559\u5802\u7684\u7ba1\u98ce\u7434\u6f14\u594f\u5bb6\u548c\u5408\u5531\u6307\u6325\u3002\t\t\t\t\t\t\t\t<\/div>\n\t\t\t\t<\/div>\n\t\t\t\t<div class=\"elementor-element elementor-element-befe911 elementor-widget elementor-widget-image\" data-id=\"befe911\" data-element_type=\"widget\" data-e-type=\"widget\" data-widget_type=\"image.default\">\n\t\t\t\t<div class=\"elementor-widget-container\">\n\t\t\t\t\t\t\t\t\t\t\t\t<figure class=\"wp-caption\">\n\t\t\t\t\t\t\t\t\t\t<img decoding=\"async\" width=\"1024\" height=\"683\" src=\"http:\/\/viecc.at\/wp-content\/uploads\/2023\/08\/01_Citizen-Arts-Festival-Just-Jazz-in-Dongguan-1024x683.jpg\" class=\"attachment-large size-large wp-image-875\" alt=\"\" srcset=\"http:\/\/viecc.at\/wp-content\/uploads\/2023\/08\/01_Citizen-Arts-Festival-Just-Jazz-in-Dongguan-1024x683.jpg 1024w, http:\/\/viecc.at\/wp-content\/uploads\/2023\/08\/01_Citizen-Arts-Festival-Just-Jazz-in-Dongguan-300x200.jpg 300w, http:\/\/viecc.at\/wp-content\/uploads\/2023\/08\/01_Citizen-Arts-Festival-Just-Jazz-in-Dongguan-768x512.jpg 768w, http:\/\/viecc.at\/wp-content\/uploads\/2023\/08\/01_Citizen-Arts-Festival-Just-Jazz-in-Dongguan-1536x1024.jpg 1536w, http:\/\/viecc.at\/wp-content\/uploads\/2023\/08\/01_Citizen-Arts-Festival-Just-Jazz-in-Dongguan-2048x1365.jpg 2048w, http:\/\/viecc.at\/wp-content\/uploads\/2023\/08\/01_Citizen-Arts-Festival-Just-Jazz-in-Dongguan-18x12.jpg 18w\" sizes=\"(max-width: 1024px) 100vw, 1024px\" \/>\t\t\t\t\t\t\t\t\t\t\t<figcaption class=\"widget-image-caption wp-caption-text\">\u4e1c\u839e\u5168\u6c11\u827a\u672f\u8282\u7235\u58eb\u94a2\u7434\u97f3\u4e50\u6c99\u9f99<\/figcaption>\n\t\t\t\t\t\t\t\t\t\t<\/figure>\n\t\t\t\t\t\t\t\t\t<\/div>\n\t\t\t\t<\/div>\n\t\t\t\t<div class=\"elementor-element elementor-element-faefe9f elementor-widget elementor-widget-image\" data-id=\"faefe9f\" data-element_type=\"widget\" data-e-type=\"widget\" data-widget_type=\"image.default\">\n\t\t\t\t<div class=\"elementor-widget-container\">\n\t\t\t\t\t\t\t\t\t\t\t\t<figure class=\"wp-caption\">\n\t\t\t\t\t\t\t\t\t\t<img decoding=\"async\" width=\"1024\" height=\"768\" src=\"http:\/\/viecc.at\/wp-content\/uploads\/2023\/08\/02_Generalprobe-vor-dem-Konzert-der-Chorvereinigung-Gross-Jedlersdorf-in-der-Evangelische-Pfarrgemeinde-Wien-Floridsdorf-1024x768.jpeg\" class=\"attachment-large size-large wp-image-876\" alt=\"\" srcset=\"http:\/\/viecc.at\/wp-content\/uploads\/2023\/08\/02_Generalprobe-vor-dem-Konzert-der-Chorvereinigung-Gross-Jedlersdorf-in-der-Evangelische-Pfarrgemeinde-Wien-Floridsdorf-1024x768.jpeg 1024w, http:\/\/viecc.at\/wp-content\/uploads\/2023\/08\/02_Generalprobe-vor-dem-Konzert-der-Chorvereinigung-Gross-Jedlersdorf-in-der-Evangelische-Pfarrgemeinde-Wien-Floridsdorf-300x225.jpeg 300w, http:\/\/viecc.at\/wp-content\/uploads\/2023\/08\/02_Generalprobe-vor-dem-Konzert-der-Chorvereinigung-Gross-Jedlersdorf-in-der-Evangelische-Pfarrgemeinde-Wien-Floridsdorf-768x576.jpeg 768w, http:\/\/viecc.at\/wp-content\/uploads\/2023\/08\/02_Generalprobe-vor-dem-Konzert-der-Chorvereinigung-Gross-Jedlersdorf-in-der-Evangelische-Pfarrgemeinde-Wien-Floridsdorf-1536x1152.jpeg 1536w, http:\/\/viecc.at\/wp-content\/uploads\/2023\/08\/02_Generalprobe-vor-dem-Konzert-der-Chorvereinigung-Gross-Jedlersdorf-in-der-Evangelische-Pfarrgemeinde-Wien-Floridsdorf-2048x1536.jpeg 2048w, http:\/\/viecc.at\/wp-content\/uploads\/2023\/08\/02_Generalprobe-vor-dem-Konzert-der-Chorvereinigung-Gross-Jedlersdorf-in-der-Evangelische-Pfarrgemeinde-Wien-Floridsdorf-16x12.jpeg 16w\" sizes=\"(max-width: 1024px) 100vw, 1024px\" \/>\t\t\t\t\t\t\t\t\t\t\t<figcaption class=\"widget-image-caption wp-caption-text\">21\u533a\u793e\u533a\u5408\u5531\u56e2\u97f3\u4e50\u4f1a\u524d\u7684\u6559\u5802\u5f69\u6392<\/figcaption>\n\t\t\t\t\t\t\t\t\t\t<\/figure>\n\t\t\t\t\t\t\t\t\t<\/div>\n\t\t\t\t<\/div>\n\t\t\t\t<div class=\"elementor-element elementor-element-bead764 elementor-widget elementor-widget-image\" data-id=\"bead764\" data-element_type=\"widget\" data-e-type=\"widget\" data-widget_type=\"image.default\">\n\t\t\t\t<div class=\"elementor-widget-container\">\n\t\t\t\t\t\t\t\t\t\t\t\t<figure class=\"wp-caption\">\n\t\t\t\t\t\t\t\t\t\t<img loading=\"lazy\" decoding=\"async\" width=\"1024\" height=\"768\" src=\"http:\/\/viecc.at\/wp-content\/uploads\/2023\/08\/03_Die-improvisierte-Auffuehrung-von-Jazzmusik-1024x768.jpg\" class=\"attachment-large size-large wp-image-877\" alt=\"\" srcset=\"http:\/\/viecc.at\/wp-content\/uploads\/2023\/08\/03_Die-improvisierte-Auffuehrung-von-Jazzmusik-1024x768.jpg 1024w, http:\/\/viecc.at\/wp-content\/uploads\/2023\/08\/03_Die-improvisierte-Auffuehrung-von-Jazzmusik-300x225.jpg 300w, http:\/\/viecc.at\/wp-content\/uploads\/2023\/08\/03_Die-improvisierte-Auffuehrung-von-Jazzmusik-768x576.jpg 768w, http:\/\/viecc.at\/wp-content\/uploads\/2023\/08\/03_Die-improvisierte-Auffuehrung-von-Jazzmusik-16x12.jpg 16w, http:\/\/viecc.at\/wp-content\/uploads\/2023\/08\/03_Die-improvisierte-Auffuehrung-von-Jazzmusik.jpg 1411w\" sizes=\"(max-width: 1024px) 100vw, 1024px\" \/>\t\t\t\t\t\t\t\t\t\t\t<figcaption class=\"widget-image-caption wp-caption-text\">\u7235\u58eb\u94a2\u7434\u5373\u5174\u6f14\u594f<\/figcaption>\n\t\t\t\t\t\t\t\t\t\t<\/figure>\n\t\t\t\t\t\t\t\t\t<\/div>\n\t\t\t\t<\/div>\n\t\t\t\t<div class=\"elementor-element elementor-element-aac1695 elementor-widget elementor-widget-image\" data-id=\"aac1695\" data-element_type=\"widget\" data-e-type=\"widget\" data-widget_type=\"image.default\">\n\t\t\t\t<div class=\"elementor-widget-container\">\n\t\t\t\t\t\t\t\t\t\t\t\t<figure class=\"wp-caption\">\n\t\t\t\t\t\t\t\t\t\t<img loading=\"lazy\" decoding=\"async\" width=\"1011\" height=\"758\" src=\"http:\/\/viecc.at\/wp-content\/uploads\/2023\/08\/04_Tobias-Zimmermann-unterrichtet-in-der-Klavierschule-Jiuzhou-in-Shanwei-Jazzklavier.jpg\" class=\"attachment-large size-large wp-image-878\" alt=\"\" srcset=\"http:\/\/viecc.at\/wp-content\/uploads\/2023\/08\/04_Tobias-Zimmermann-unterrichtet-in-der-Klavierschule-Jiuzhou-in-Shanwei-Jazzklavier.jpg 1011w, http:\/\/viecc.at\/wp-content\/uploads\/2023\/08\/04_Tobias-Zimmermann-unterrichtet-in-der-Klavierschule-Jiuzhou-in-Shanwei-Jazzklavier-300x225.jpg 300w, http:\/\/viecc.at\/wp-content\/uploads\/2023\/08\/04_Tobias-Zimmermann-unterrichtet-in-der-Klavierschule-Jiuzhou-in-Shanwei-Jazzklavier-768x576.jpg 768w, http:\/\/viecc.at\/wp-content\/uploads\/2023\/08\/04_Tobias-Zimmermann-unterrichtet-in-der-Klavierschule-Jiuzhou-in-Shanwei-Jazzklavier-16x12.jpg 16w\" sizes=\"(max-width: 1011px) 100vw, 1011px\" \/>\t\t\t\t\t\t\t\t\t\t\t<figcaption class=\"widget-image-caption wp-caption-text\">\u6c55\u5c3e\u4e5d\u6d32\u2fb3\u4e50\u7684\u94a2\u7434\u5927\u5e08\u73ed\u6559\u5b66<\/figcaption>\n\t\t\t\t\t\t\t\t\t\t<\/figure>\n\t\t\t\t\t\t\t\t\t<\/div>\n\t\t\t\t<\/div>\n\t\t\t\t\t<\/div>\n\t\t<\/div>\n\t\t\t\t\t<\/div>\n\t\t<\/section>\n\t\t\t\t<\/div>","protected":false},"excerpt":{"rendered":"<p>\u00dcber uns Tobias Zimmermann Tobias Zimmermann wurde in Bergisch Gladbach bei K\u00f6ln geboren wuchs in K\u00f6ln auf. Seit 2003 spielt er dort Orgel und Klavier in verschiedenen Kirchen. Im Jahr 2007 erreichte er beim Landeswettbewerb \u201eJugend Jazzt NRW\u201c (Fach: Klavier) einen ersten Preis. Im Jahr 2011 begann er in der \u00f6sterreichischen Welthauptstadt der Musik Wien [&hellip;]<\/p>\n","protected":false},"author":1,"featured_media":0,"parent":10,"menu_order":0,"comment_status":"closed","ping_status":"closed","template":"","meta":{"footnotes":""},"class_list":["post-437","page","type-page","status-publish","hentry","entry"],"_links":{"self":[{"href":"http:\/\/viecc.at\/zh\/wp-json\/wp\/v2\/pages\/437","targetHints":{"allow":["GET"]}}],"collection":[{"href":"http:\/\/viecc.at\/zh\/wp-json\/wp\/v2\/pages"}],"about":[{"href":"http:\/\/viecc.at\/zh\/wp-json\/wp\/v2\/types\/page"}],"author":[{"embeddable":true,"href":"http:\/\/viecc.at\/zh\/wp-json\/wp\/v2\/users\/1"}],"replies":[{"embeddable":true,"href":"http:\/\/viecc.at\/zh\/wp-json\/wp\/v2\/comments?post=437"}],"version-history":[{"count":94,"href":"http:\/\/viecc.at\/zh\/wp-json\/wp\/v2\/pages\/437\/revisions"}],"predecessor-version":[{"id":903,"href":"http:\/\/viecc.at\/zh\/wp-json\/wp\/v2\/pages\/437\/revisions\/903"}],"up":[{"embeddable":true,"href":"http:\/\/viecc.at\/zh\/wp-json\/wp\/v2\/pages\/10"}],"wp:attachment":[{"href":"http:\/\/viecc.at\/zh\/wp-json\/wp\/v2\/media?parent=437"}],"curies":[{"name":"wp","href":"https:\/\/api.w.org\/{rel}","templated":true}]}}